{"id":183286,"date":"2021-09-22T13:19:31","date_gmt":"2021-09-22T11:19:31","guid":{"rendered":"https:\/\/updateweb.grupoom.es\/proyecto\/fundacio-le-cado\/"},"modified":"2026-03-17T17:43:56","modified_gmt":"2026-03-17T16:43:56","slug":"fundacio-le-cado","status":"publish","type":"portfolio","link":"https:\/\/updateweb.grupoom.es\/ca\/proyecto\/fundacio-le-cado\/","title":{"rendered":"Fundaci\u00f3 Le Cad\u00f3"},"content":{"rendered":"<div class=\"wpb-content-wrapper\"><p>[vc_row row_height_percent=\u00bb0&#8243; overlay_alpha=\u00bb50&#8243; equal_height=\u00bbyes\u00bb gutter_size=\u00bb3&#8243; column_width_percent=\u00bb100&#8243; shift_y=\u00bb0&#8243; z_index=\u00bb0&#8243; uncode_shortcode_id=\u00bb709721&#8243; shape_dividers=\u00bb\u00bb][vc_column width=\u00bb1\/1&#8243;][vc_empty_space empty_h=\u00bb1&#8243;][vc_row_inner row_inner_height_percent=\u00bb0&#8243; overlay_alpha=\u00bb50&#8243; equal_height=\u00bbyes\u00bb gutter_size=\u00bb3&#8243; shift_y=\u00bb0&#8243; z_index=\u00bb0&#8243; uncode_shortcode_id=\u00bb174917&#8243; shape_dividers=\u00bb\u00bb][vc_column_inner column_width_percent=\u00bb100&#8243; position_vertical=\u00bbmiddle\u00bb align_horizontal=\u00bbalign_center\u00bb gutter_size=\u00bb3&#8243; overlay_alpha=\u00bb50&#8243; shift_x=\u00bb0&#8243; shift_y=\u00bb0&#8243; shift_y_down=\u00bb0&#8243; z_index=\u00bb0&#8243; medium_width=\u00bb0&#8243; mobile_width=\u00bb0&#8243; width=\u00bb1\/2&#8243; uncode_shortcode_id=\u00bb222610&#8243;][vc_single_image media=\u00bb183253&#8243; media_width_percent=\u00bb85&#8243; alignment=\u00bbcenter\u00bb shape=\u00bbimg-round\u00bb radius=\u00bbstd\u00bb uncode_shortcode_id=\u00bb135648&#8243;][\/vc_column_inner][vc_column_inner column_width_percent=\u00bb100&#8243; position_vertical=\u00bbmiddle\u00bb align_horizontal=\u00bbalign_center\u00bb gutter_size=\u00bb3&#8243; overlay_alpha=\u00bb50&#8243; shift_x=\u00bb0&#8243; shift_y=\u00bb0&#8243; shift_y_down=\u00bb0&#8243; z_index=\u00bb0&#8243; medium_width=\u00bb0&#8243; mobile_width=\u00bb0&#8243; width=\u00bb1\/2&#8243; uncode_shortcode_id=\u00bb986812&#8243;][vc_single_image media=\u00bb183254&#8243; media_width_percent=\u00bb100&#8243; alignment=\u00bbcenter\u00bb shape=\u00bbimg-round\u00bb radius=\u00bbstd\u00bb uncode_shortcode_id=\u00bb871231&#8243;][vc_single_image media=\u00bb183255&#8243; media_width_percent=\u00bb100&#8243; alignment=\u00bbcenter\u00bb shape=\u00bbimg-round\u00bb radius=\u00bbstd\u00bb uncode_shortcode_id=\u00bb423217&#8243;][\/vc_column_inner][\/vc_row_inner][\/vc_column][\/vc_row][vc_row row_height_percent=\u00bb0&#8243; override_padding=\u00bbyes\u00bb h_padding=\u00bb3&#8243; top_padding=\u00bb2&#8243; bottom_padding=\u00bb3&#8243; overlay_alpha=\u00bb50&#8243; gutter_size=\u00bb3&#8243; column_width_percent=\u00bb100&#8243; shift_y=\u00bb0&#8243; z_index=\u00bb0&#8243; uncode_shortcode_id=\u00bb376475&#8243;][vc_column column_width_percent=\u00bb100&#8243; gutter_size=\u00bb3&#8243; overlay_alpha=\u00bb50&#8243; shift_x=\u00bb0&#8243; shift_y=\u00bb0&#8243; shift_y_down=\u00bb0&#8243; z_index=\u00bb0&#8243; medium_width=\u00bb0&#8243; mobile_width=\u00bb0&#8243; width=\u00bb1\/1&#8243; uncode_shortcode_id=\u00bb795817&#8243;][vc_row_inner row_inner_height_percent=\u00bb0&#8243; overlay_alpha=\u00bb50&#8243; gutter_size=\u00bb2&#8243; shift_y=\u00bb0&#8243; z_index=\u00bb0&#8243; uncode_shortcode_id=\u00bb204856&#8243; limit_content=\u00bb\u00bb][vc_column_inner width=\u00bb1\/3&#8243;][vc_single_image media=\u00bb183256&#8243; media_width_percent=\u00bb100&#8243; media_ratio=\u00bbtwo-three\u00bb uncode_shortcode_id=\u00bb231142&#8243;][\/vc_column_inner][vc_column_inner width=\u00bb1\/3&#8243;][vc_single_image media=\u00bb183257&#8243; media_width_percent=\u00bb100&#8243; media_ratio=\u00bbtwo-three\u00bb uncode_shortcode_id=\u00bb541492&#8243;][\/vc_column_inner][vc_column_inner width=\u00bb1\/3&#8243;][vc_single_image media=\u00bb183258&#8243; media_width_percent=\u00bb100&#8243; media_ratio=\u00bbtwo-three\u00bb uncode_shortcode_id=\u00bb212898&#8243;][\/vc_column_inner][\/vc_row_inner][vc_row_inner limit_content=\u00bb\u00bb][vc_column_inner column_width_percent=\u00bb100&#8243; gutter_size=\u00bb2&#8243; overlay_alpha=\u00bb50&#8243; shift_x=\u00bb0&#8243; shift_y=\u00bb0&#8243; shift_y_down=\u00bb0&#8243; z_index=\u00bb0&#8243; medium_width=\u00bb0&#8243; mobile_width=\u00bb0&#8243; width=\u00bb1\/1&#8243; uncode_shortcode_id=\u00bb104152&#8243;][vc_single_image media=\u00bb183259&#8243; media_width_percent=\u00bb90&#8243; media_ratio=\u00bbfour-three\u00bb alignment=\u00bbcenter\u00bb shape=\u00bbimg-round\u00bb radius=\u00bbstd\u00bb uncode_shortcode_id=\u00bb140825&#8243;][\/vc_column_inner][\/vc_row_inner][\/vc_column][\/vc_row]<\/p>\n<\/div>","protected":false},"excerpt":{"rendered":"<p>Col\u00b7laboraci\u00f3 que realitza l&#8217;Ag\u00e8ncia amb la Fundaci\u00f3 de manera desinteressada com a aportaci\u00f3 solid\u00e0ria, que entre altres accions consisteix: en la gesti\u00f3 de mitjans de comunicaci\u00f3, notes de premsa, convocat\u00f2ries, rodes de premsa, i difusi\u00f3 de l&#8217;esdeveniment, que aconsegueix convocar m\u00e9s de 5000 participants en la marxa que col\u00b7laboren a aconseguir fons per a un fi tan esperan\u00e7ador.<\/p>\n","protected":false},"author":1,"featured_media":104080,"parent":0,"menu_order":0,"comment_status":"open","ping_status":"open","template":"","meta":{"rs_blank_template":"","rs_page_bg_color":"","slide_template_v7":"","footnotes":""},"portfolio_category":[358,368],"class_list":["post-183286","portfolio","type-portfolio","status-publish","has-post-thumbnail","hentry","portfolio_category-comunicacio","portfolio_category-gestio-de-mitjans"],"yoast_head":"<!-- This site is optimized with the Yoast SEO plugin v28.4 - https:\/\/yoast.com\/product\/yoast-seo-wordpress\/ -->\n<title>Fundaci\u00f3 Le Cad\u00f3 - Grupo On Market<\/title>\n<meta name=\"robots\" content=\"index, follow, max-snippet:-1, max-image-preview:large, max-video-preview:-1\" \/>\n<link rel=\"canonical\" href=\"https:\/\/updateweb.grupoom.es\/ca\/proyecto\/fundacio-le-cado\/\" \/>\n<meta property=\"og:locale\" content=\"ca_ES\" \/>\n<meta property=\"og:type\" content=\"article\" \/>\n<meta property=\"og:title\" content=\"Fundaci\u00f3 Le Cad\u00f3 - Grupo On Market\" \/>\n<meta property=\"og:description\" content=\"Col\u00b7laboraci\u00f3 que realitza l&#039;Ag\u00e8ncia amb la Fundaci\u00f3 de manera desinteressada com a aportaci\u00f3 solid\u00e0ria, que entre altres accions consisteix: en la gesti\u00f3 de mitjans de comunicaci\u00f3, notes de premsa, convocat\u00f2ries, rodes de premsa, i difusi\u00f3 de l&#039;esdeveniment, que aconsegueix convocar m\u00e9s de 5000 participants en la marxa que col\u00b7laboren a aconseguir fons per a un fi tan esperan\u00e7ador.\" \/>\n<meta property=\"og:url\" content=\"https:\/\/updateweb.grupoom.es\/ca\/proyecto\/fundacio-le-cado\/\" \/>\n<meta property=\"og:site_name\" content=\"Grupo On Market\" \/>\n<meta property=\"article:modified_time\" content=\"2026-03-17T16:43:56+00:00\" \/>\n<meta property=\"og:image\" content=\"https:\/\/updateweb.grupoom.es\/wp-content\/uploads\/2021\/09\/leCado_fundacion_grupoom.jpg\" \/>\n\t<meta property=\"og:image:width\" content=\"900\" \/>\n\t<meta property=\"og:image:height\" content=\"900\" \/>\n\t<meta property=\"og:image:type\" content=\"image\/jpeg\" \/>\n<meta name=\"twitter:card\" content=\"summary_large_image\" \/>\n<meta name=\"twitter:label1\" content=\"Temps estimat de lectura\" \/>\n\t<meta name=\"twitter:data1\" content=\"2 minuts\" \/>\n<script type=\"application\/ld+json\" class=\"yoast-schema-graph\">{\"@context\":\"https:\\\/\\\/schema.org\",\"@graph\":[{\"@type\":\"WebPage\",\"@id\":\"https:\\\/\\\/updateweb.grupoom.es\\\/ca\\\/proyecto\\\/fundacio-le-cado\\\/\",\"url\":\"https:\\\/\\\/updateweb.grupoom.es\\\/ca\\\/proyecto\\\/fundacio-le-cado\\\/\",\"name\":\"Fundaci\u00f3 Le Cad\u00f3 - Grupo On Market\",\"isPartOf\":{\"@id\":\"https:\\\/\\\/updateweb.grupoom.es\\\/ca\\\/#website\"},\"primaryImageOfPage\":{\"@id\":\"https:\\\/\\\/updateweb.grupoom.es\\\/ca\\\/proyecto\\\/fundacio-le-cado\\\/#primaryimage\"},\"image\":{\"@id\":\"https:\\\/\\\/updateweb.grupoom.es\\\/ca\\\/proyecto\\\/fundacio-le-cado\\\/#primaryimage\"},\"thumbnailUrl\":\"https:\\\/\\\/updateweb.grupoom.es\\\/wp-content\\\/uploads\\\/2021\\\/09\\\/leCado_fundacion_grupoom.jpg\",\"datePublished\":\"2021-09-22T11:19:31+00:00\",\"dateModified\":\"2026-03-17T16:43:56+00:00\",\"breadcrumb\":{\"@id\":\"https:\\\/\\\/updateweb.grupoom.es\\\/ca\\\/proyecto\\\/fundacio-le-cado\\\/#breadcrumb\"},\"inLanguage\":\"ca\",\"potentialAction\":[{\"@type\":\"ReadAction\",\"target\":[\"https:\\\/\\\/updateweb.grupoom.es\\\/ca\\\/proyecto\\\/fundacio-le-cado\\\/\"]}]},{\"@type\":\"ImageObject\",\"inLanguage\":\"ca\",\"@id\":\"https:\\\/\\\/updateweb.grupoom.es\\\/ca\\\/proyecto\\\/fundacio-le-cado\\\/#primaryimage\",\"url\":\"https:\\\/\\\/updateweb.grupoom.es\\\/wp-content\\\/uploads\\\/2021\\\/09\\\/leCado_fundacion_grupoom.jpg\",\"contentUrl\":\"https:\\\/\\\/updateweb.grupoom.es\\\/wp-content\\\/uploads\\\/2021\\\/09\\\/leCado_fundacion_grupoom.jpg\",\"width\":900,\"height\":900},{\"@type\":\"BreadcrumbList\",\"@id\":\"https:\\\/\\\/updateweb.grupoom.es\\\/ca\\\/proyecto\\\/fundacio-le-cado\\\/#breadcrumb\",\"itemListElement\":[{\"@type\":\"ListItem\",\"position\":1,\"name\":\"Portada\",\"item\":\"https:\\\/\\\/updateweb.grupoom.es\\\/ca\\\/agencia-de-publicitat-i-marqueting-online-a-castello\\\/\"},{\"@type\":\"ListItem\",\"position\":2,\"name\":\"Proyecto\",\"item\":\"https:\\\/\\\/updateweb.grupoom.es\\\/ca\\\/proyecto\\\/\"},{\"@type\":\"ListItem\",\"position\":3,\"name\":\"Fundaci\u00f3 Le Cad\u00f3\"}]},{\"@type\":\"WebSite\",\"@id\":\"https:\\\/\\\/updateweb.grupoom.es\\\/ca\\\/#website\",\"url\":\"https:\\\/\\\/updateweb.grupoom.es\\\/ca\\\/\",\"name\":\"Grupo On Market\",\"description\":\"Agencia de Publicidad y Marketing Online en Castell\u00f3n\",\"potentialAction\":[{\"@type\":\"SearchAction\",\"target\":{\"@type\":\"EntryPoint\",\"urlTemplate\":\"https:\\\/\\\/updateweb.grupoom.es\\\/ca\\\/?s={search_term_string}\"},\"query-input\":{\"@type\":\"PropertyValueSpecification\",\"valueRequired\":true,\"valueName\":\"search_term_string\"}}],\"inLanguage\":\"ca\"}]}<\/script>\n<!-- \/ Yoast SEO plugin. -->","yoast_head_json":{"title":"Fundaci\u00f3 Le Cad\u00f3 - Grupo On Market","robots":{"index":"index","follow":"follow","max-snippet":"max-snippet:-1","max-image-preview":"max-image-preview:large","max-video-preview":"max-video-preview:-1"},"canonical":"https:\/\/updateweb.grupoom.es\/ca\/proyecto\/fundacio-le-cado\/","og_locale":"ca_ES","og_type":"article","og_title":"Fundaci\u00f3 Le Cad\u00f3 - Grupo On Market","og_description":"Col\u00b7laboraci\u00f3 que realitza l'Ag\u00e8ncia amb la Fundaci\u00f3 de manera desinteressada com a aportaci\u00f3 solid\u00e0ria, que entre altres accions consisteix: en la gesti\u00f3 de mitjans de comunicaci\u00f3, notes de premsa, convocat\u00f2ries, rodes de premsa, i difusi\u00f3 de l'esdeveniment, que aconsegueix convocar m\u00e9s de 5000 participants en la marxa que col\u00b7laboren a aconseguir fons per a un fi tan esperan\u00e7ador.","og_url":"https:\/\/updateweb.grupoom.es\/ca\/proyecto\/fundacio-le-cado\/","og_site_name":"Grupo On Market","article_modified_time":"2026-03-17T16:43:56+00:00","og_image":[{"width":900,"height":900,"url":"https:\/\/updateweb.grupoom.es\/wp-content\/uploads\/2021\/09\/leCado_fundacion_grupoom.jpg","type":"image\/jpeg"}],"twitter_card":"summary_large_image","twitter_misc":{"Temps estimat de lectura":"2 minuts"},"schema":{"@context":"https:\/\/schema.org","@graph":[{"@type":"WebPage","@id":"https:\/\/updateweb.grupoom.es\/ca\/proyecto\/fundacio-le-cado\/","url":"https:\/\/updateweb.grupoom.es\/ca\/proyecto\/fundacio-le-cado\/","name":"Fundaci\u00f3 Le Cad\u00f3 - Grupo On Market","isPartOf":{"@id":"https:\/\/updateweb.grupoom.es\/ca\/#website"},"primaryImageOfPage":{"@id":"https:\/\/updateweb.grupoom.es\/ca\/proyecto\/fundacio-le-cado\/#primaryimage"},"image":{"@id":"https:\/\/updateweb.grupoom.es\/ca\/proyecto\/fundacio-le-cado\/#primaryimage"},"thumbnailUrl":"https:\/\/updateweb.grupoom.es\/wp-content\/uploads\/2021\/09\/leCado_fundacion_grupoom.jpg","datePublished":"2021-09-22T11:19:31+00:00","dateModified":"2026-03-17T16:43:56+00:00","breadcrumb":{"@id":"https:\/\/updateweb.grupoom.es\/ca\/proyecto\/fundacio-le-cado\/#breadcrumb"},"inLanguage":"ca","potentialAction":[{"@type":"ReadAction","target":["https:\/\/updateweb.grupoom.es\/ca\/proyecto\/fundacio-le-cado\/"]}]},{"@type":"ImageObject","inLanguage":"ca","@id":"https:\/\/updateweb.grupoom.es\/ca\/proyecto\/fundacio-le-cado\/#primaryimage","url":"https:\/\/updateweb.grupoom.es\/wp-content\/uploads\/2021\/09\/leCado_fundacion_grupoom.jpg","contentUrl":"https:\/\/updateweb.grupoom.es\/wp-content\/uploads\/2021\/09\/leCado_fundacion_grupoom.jpg","width":900,"height":900},{"@type":"BreadcrumbList","@id":"https:\/\/updateweb.grupoom.es\/ca\/proyecto\/fundacio-le-cado\/#breadcrumb","itemListElement":[{"@type":"ListItem","position":1,"name":"Portada","item":"https:\/\/updateweb.grupoom.es\/ca\/agencia-de-publicitat-i-marqueting-online-a-castello\/"},{"@type":"ListItem","position":2,"name":"Proyecto","item":"https:\/\/updateweb.grupoom.es\/ca\/proyecto\/"},{"@type":"ListItem","position":3,"name":"Fundaci\u00f3 Le Cad\u00f3"}]},{"@type":"WebSite","@id":"https:\/\/updateweb.grupoom.es\/ca\/#website","url":"https:\/\/updateweb.grupoom.es\/ca\/","name":"Grupo On Market","description":"Agencia de Publicidad y Marketing Online en Castell\u00f3n","potentialAction":[{"@type":"SearchAction","target":{"@type":"EntryPoint","urlTemplate":"https:\/\/updateweb.grupoom.es\/ca\/?s={search_term_string}"},"query-input":{"@type":"PropertyValueSpecification","valueRequired":true,"valueName":"search_term_string"}}],"inLanguage":"ca"}]}},"_links":{"self":[{"href":"https:\/\/updateweb.grupoom.es\/ca\/wp-json\/wp\/v2\/portfolio\/183286","targetHints":{"allow":["GET"]}}],"collection":[{"href":"https:\/\/updateweb.grupoom.es\/ca\/wp-json\/wp\/v2\/portfolio"}],"about":[{"href":"https:\/\/updateweb.grupoom.es\/ca\/wp-json\/wp\/v2\/types\/portfolio"}],"author":[{"embeddable":true,"href":"https:\/\/updateweb.grupoom.es\/ca\/wp-json\/wp\/v2\/users\/1"}],"replies":[{"embeddable":true,"href":"https:\/\/updateweb.grupoom.es\/ca\/wp-json\/wp\/v2\/comments?post=183286"}],"version-history":[{"count":1,"href":"https:\/\/updateweb.grupoom.es\/ca\/wp-json\/wp\/v2\/portfolio\/183286\/revisions"}],"predecessor-version":[{"id":183293,"href":"https:\/\/updateweb.grupoom.es\/ca\/wp-json\/wp\/v2\/portfolio\/183286\/revisions\/183293"}],"wp:featuredmedia":[{"embeddable":true,"href":"https:\/\/updateweb.grupoom.es\/ca\/wp-json\/wp\/v2\/media\/104080"}],"wp:attachment":[{"href":"https:\/\/updateweb.grupoom.es\/ca\/wp-json\/wp\/v2\/media?parent=183286"}],"wp:term":[{"taxonomy":"portfolio_category","embeddable":true,"href":"https:\/\/updateweb.grupoom.es\/ca\/wp-json\/wp\/v2\/portfolio_category?post=183286"}],"curies":[{"name":"wp","href":"https:\/\/api.w.org\/{rel}","templated":true}]}}