{"id":182984,"date":"2021-12-23T13:29:02","date_gmt":"2021-12-23T12:29:02","guid":{"rendered":"https:\/\/updateweb.grupoom.es\/comunicacio\/"},"modified":"2026-03-25T16:28:29","modified_gmt":"2026-03-25T15:28:29","slug":"comunicacio","status":"publish","type":"page","link":"https:\/\/updateweb.grupoom.es\/ca\/comunicacio\/","title":{"rendered":"Comunicaci\u00f3"},"content":{"rendered":"<div class=\"wpb-content-wrapper\"><p>[vc_row unlock_row_content=\u00bbyes\u00bb row_height_percent=\u00bb85&#8243; override_padding=\u00bbyes\u00bb h_padding=\u00bb4&#8243; top_padding=\u00bb5&#8243; bottom_padding=\u00bb5&#8243; back_image=\u00bb105662&#8243; overlay_color=\u00bbcolor-jevc\u00bb overlay_alpha=\u00bb20&#8243; gutter_size=\u00bb3&#8243; column_width_percent=\u00bb100&#8243; shift_y=\u00bb0&#8243; z_index=\u00bb0&#8243; enable_bottom_divider=\u00bbdefault\u00bb bottom_divider=\u00bbray-opacity\u00bb shape_bottom_h_use_pixel=\u00bb\u00bb shape_bottom_height=\u00bb50&#8243; shape_bottom_color=\u00bbcolor-lxmt\u00bb shape_bottom_opacity=\u00bb100&#8243; shape_bottom_index=\u00bb0&#8243; uncode_shortcode_id=\u00bb145113&#8243; shape_bottom_color_type=\u00bbuncode-palette\u00bb overlay_color_type=\u00bbuncode-palette\u00bb][vc_column column_width_percent=\u00bb100&#8243; position_vertical=\u00bbmiddle\u00bb align_horizontal=\u00bbalign_center\u00bb gutter_size=\u00bb3&#8243; style=\u00bblight\u00bb overlay_alpha=\u00bb50&#8243; shift_x=\u00bb0&#8243; shift_y=\u00bb0&#8243; shift_y_down=\u00bb0&#8243; z_index=\u00bb0&#8243; medium_width=\u00bb0&#8243; mobile_width=\u00bb0&#8243; width=\u00bb1\/1&#8243; uncode_shortcode_id=\u00bb927440&#8243;][vc_empty_space empty_h=\u00bb4&#8243;][uncode_index el_id=\u00bbindex-209731&#8243; index_type=\u00bbtitles\u00bb loop=\u00bbsize:10|order_by:date|post_type:post|categories:379|taxonomy_count:10&#8243; titles_display=\u00bbinline\u00bb gutter_size=\u00bb3&#8243; drop_h_space=\u00bbsm\u00bb drop_image_separator=\u00bbslash\u00bb drop_image_position=\u00bbhide\u00bb drop_image_time=\u00bb250&#8243; drop_image_hover=\u00bbaccent\u00bb drop_image_extra=\u00bbyes\u00bb drop_image_extra_weight=\u00bbnormal\u00bb single_style=\u00bbdark\u00bb single_title_semantic=\u00bbh1&#8243; single_title_dimension=\u00bbfontsize-767262&#8243; single_title_weight=\u00bb400&#8243; custom_order=\u00bbyes\u00bb no_double_tap=\u00bbyes\u00bb titles_display_mobile=\u00bbyes\u00bb titles_gap_reduced_mobile=\u00bbyes\u00bb titles_hide_meta_mobile=\u00bbblock\u00bb titles_hide_separator_mobile=\u00bbyes\u00bb uncode_shortcode_id=\u00bb703630&#8243; order_ids=\u00bb183568,183567,183566,183565&#8243; items=\u00bbeyIxMDMzOTdfaSI6eyJzaW5nbGVfbGluayI6InVybDolMjN3ZWIifSwiMTAzMzk5X2kiOnsic2luZ2xlX2xpbmsiOiJ1cmw6JTIzd2ViYXBwIn0sIjEwMzQwMV9pIjp7InNpbmdsZV9saW5rIjoidXJsOiUyM3Nob3BvbmxpbmUifSwiMTAzNTYyX2kiOnsic2luZ2xlX2xpbmsiOiJ1cmw6JTIzcnJzc3x0aXRsZTpDb211bmljYWNpJUMzJTgzJUMyJUIzbiJ9LCIxMDM1NjRfaSI6eyJzaW5nbGVfbGluayI6InVybDolMjNzZW0ifSwiMTAzNTY2X2kiOnsic2luZ2xlX2xpbmsiOiJ1cmw6JTIzbWVkaW9zIn0sIjEwMzU2OF9pIjp7InNpbmdsZV9saW5rIjoidXJsOiUyM2V2ZW50b3MifSwiMTgzNTY4X2kiOnsic2luZ2xlX2xpbmsiOiJ1cmw6JTJGY2ElMkZjb211bmljYWNpbyUyRiUyM3Jyc3MifSwiMTgzNTY3X2kiOnsic2luZ2xlX2xpbmsiOiJ1cmw6JTJGY2ElMkZjb211bmljYWNpbyUyRiUyM3NlbSJ9LCIxODM1NjZfaSI6eyJzaW5nbGVfbGluayI6InVybDolMkZjYSUyRmNvbXVuaWNhY2lvJTJGJTIzbWVkaW9zIn0sIjE4MzU2NV9pIjp7InNpbmdsZV9saW5rIjoidXJsOiUyRmNhJTJGY29tdW5pY2FjaW8lMkYlMjNldmVudG9zIn19&#8243;][vc_empty_space empty_h=\u00bb4&#8243;][\/vc_column][\/vc_row][vc_row unlock_row_content=\u00bbyes\u00bb row_height_percent=\u00bb0&#8243; override_padding=\u00bbyes\u00bb h_padding=\u00bb7&#8243; top_padding=\u00bb4&#8243; bottom_padding=\u00bb4&#8243; back_color=\u00bbcolor-lxmt\u00bb overlay_alpha=\u00bb50&#8243; gutter_size=\u00bb4&#8243; column_width_percent=\u00bb100&#8243; shift_y=\u00bb0&#8243; z_index=\u00bb0&#8243; inverted_device_order=\u00bbyes\u00bb changer_back_color=\u00bbyes\u00bb uncode_shortcode_id=\u00bb944924&#8243; back_color_type=\u00bbuncode-palette\u00bb row_name=\u00bbrrss\u00bb][vc_column column_width_percent=\u00bb100&#8243; position_vertical=\u00bbmiddle\u00bb gutter_size=\u00bb2&#8243; overlay_alpha=\u00bb50&#8243; shift_x=\u00bb0&#8243; shift_y=\u00bb0&#8243; shift_y_down=\u00bb0&#8243; z_index=\u00bb10&#8243; medium_width=\u00bb0&#8243; mobile_width=\u00bb0&#8243; width=\u00bb1\/2&#8243; uncode_shortcode_id=\u00bb531274&#8243;][vc_custom_heading heading_semantic=\u00bbh3&#8243; text_size=\u00bbh1&#8243; text_weight=\u00bb500&#8243; uncode_shortcode_id=\u00bb443876&#8243;]Xarxes Socials[\/vc_custom_heading][vc_column_text text_lead=\u00bbyes\u00bb uncode_shortcode_id=\u00bb174034&#8243;]Les xarxes socials s\u00f3n els canals actuals de relaci\u00f3 amb els clients que impulsen la visibilitat i el reconeixement de les marques.<br \/>\nEn funci\u00f3 del p\u00fablic, ajudem a seleccionar les xarxes m\u00e9s adequades per assolir el nostre objectiu, generem contingut de qualitat que aporti valor afegit, mitjan\u00e7ant la utilitzaci\u00f3 de t\u00e8cniques especialitzades i estudiem els recursos a disposar per enfortir la relaci\u00f3 comunicativa de les empreses amb els seus clients actuals i augmentar el nombre de nous clients.[\/vc_column_text][vc_empty_space empty_h=\u00bb1&#8243;][\/vc_column][vc_column column_width_percent=\u00bb65&#8243; position_vertical=\u00bbmiddle\u00bb align_horizontal=\u00bbalign_center\u00bb gutter_size=\u00bb3&#8243; overlay_alpha=\u00bb50&#8243; shift_x=\u00bb0&#8243; shift_y=\u00bb0&#8243; shift_y_down=\u00bb0&#8243; z_index=\u00bb0&#8243; medium_width=\u00bb0&#8243; mobile_width=\u00bb0&#8243; width=\u00bb1\/2&#8243; uncode_shortcode_id=\u00bb166247&#8243;][uncode_index el_id=\u00bbindex-184543&#8243; index_type=\u00bbcarousel\u00bb loop=\u00bbsize:10|order_by:date|post_type:portfolio|tax_query:127|taxonomy_count:10&#8243; carousel_lg=\u00bb1&#8243; carousel_md=\u00bb1&#8243; carousel_sm=\u00bb1&#8243; gutter_size=\u00bb3&#8243; portfolio_items=\u00bbtitle,media|featured|onpost|original,link|default|default_size|Ver Proyecto\u00bb carousel_interval=\u00bb3000&#8243; carousel_navspeed=\u00bb400&#8243; carousel_loop=\u00bbyes\u00bb carousel_dots=\u00bbyes\u00bb carousel_dots_mobile=\u00bbyes\u00bb carousel_dots_inside=\u00bbyes\u00bb carousel_dot_width=\u00bblimit\u00bb carousel_dot_padding=\u00bb2&#8243; stage_padding=\u00bb0&#8243; single_shape=\u00bbround\u00bb radius=\u00bbstd\u00bb single_overlay_opacity=\u00bb1&#8243; single_padding=\u00bb2&#8243; single_border=\u00bbyes\u00bb no_double_tap=\u00bbyes\u00bb uncode_shortcode_id=\u00bb188956&#8243;][\/vc_column][\/vc_row][vc_row unlock_row_content=\u00bbyes\u00bb row_height_percent=\u00bb0&#8243; override_padding=\u00bbyes\u00bb h_padding=\u00bb7&#8243; top_padding=\u00bb5&#8243; bottom_padding=\u00bb5&#8243; back_color=\u00bbcolor-xsdn\u00bb overlay_alpha=\u00bb50&#8243; gutter_size=\u00bb4&#8243; column_width_percent=\u00bb100&#8243; shift_y=\u00bb0&#8243; z_index=\u00bb0&#8243; changer_back_color=\u00bbyes\u00bb uncode_shortcode_id=\u00bb137781&#8243; back_color_type=\u00bbuncode-palette\u00bb row_name=\u00bbsem\u00bb][vc_column column_width_percent=\u00bb100&#8243; position_vertical=\u00bbmiddle\u00bb gutter_size=\u00bb2&#8243; font_family=\u00bbfont-136269&#8243; overlay_alpha=\u00bb50&#8243; shift_x=\u00bb0&#8243; shift_y=\u00bb0&#8243; shift_y_down=\u00bb0&#8243; z_index=\u00bb0&#8243; medium_width=\u00bb0&#8243; mobile_width=\u00bb0&#8243; width=\u00bb1\/2&#8243; uncode_shortcode_id=\u00bb199904&#8243;][vc_custom_heading heading_semantic=\u00bbh3&#8243; text_size=\u00bbh1&#8243; text_weight=\u00bb500&#8243; uncode_shortcode_id=\u00bb164164&#8243;]Campanyes Google Ads SEM[\/vc_custom_heading][vc_column_text text_lead=\u00bbyes\u00bb uncode_shortcode_id=\u00bb189586&#8243;]Som una Ag\u00e8ncia que crea estrat\u00e8gies i publicitat online a mida.<br \/>\nCreem estrat\u00e8gies personalitzades en base a necessitats i requeriments de cada client. Campanyes a Google Adwords, Shopping, Social Media, Remarketing.<br \/>\nEn base a objectius definits definim canals, pressupost, timing i m\u00e8tode d&#8217;an\u00e0lisi.<br \/>\nAugmenteu la visibilitat i les vendes dels vostres productes i serveis en un termini definit.[\/vc_column_text][vc_empty_space empty_h=\u00bb1&#8243;][\/vc_column][vc_column column_width_percent=\u00bb65&#8243; position_vertical=\u00bbmiddle\u00bb gutter_size=\u00bb3&#8243; overlay_alpha=\u00bb50&#8243; shift_x=\u00bb0&#8243; shift_y=\u00bb0&#8243; shift_y_down=\u00bb0&#8243; z_index=\u00bb0&#8243; medium_width=\u00bb0&#8243; mobile_width=\u00bb0&#8243; width=\u00bb1\/2&#8243; uncode_shortcode_id=\u00bb112496&#8243;][uncode_index el_id=\u00bbindex-18444411&#8243; index_type=\u00bbcarousel\u00bb loop=\u00bbsize:10|order_by:date|post_type:portfolio|tax_query:128|taxonomy_count:10&#8243; carousel_lg=\u00bb1&#8243; carousel_md=\u00bb1&#8243; carousel_sm=\u00bb1&#8243; gutter_size=\u00bb3&#8243; portfolio_items=\u00bbtitle,media|featured|onpost|original,link|default|default_size|Ver Proyecto\u00bb carousel_interval=\u00bb3000&#8243; carousel_navspeed=\u00bb400&#8243; carousel_loop=\u00bbyes\u00bb carousel_dots=\u00bbyes\u00bb carousel_dots_mobile=\u00bbyes\u00bb carousel_dots_inside=\u00bbyes\u00bb carousel_dot_width=\u00bblimit\u00bb carousel_dot_padding=\u00bb2&#8243; stage_padding=\u00bb0&#8243; single_shape=\u00bbround\u00bb radius=\u00bbstd\u00bb single_overlay_opacity=\u00bb1&#8243; single_padding=\u00bb2&#8243; single_border=\u00bbyes\u00bb no_double_tap=\u00bbyes\u00bb uncode_shortcode_id=\u00bb356598&#8243;][\/vc_column][\/vc_row][vc_row unlock_row_content=\u00bbyes\u00bb row_height_percent=\u00bb0&#8243; override_padding=\u00bbyes\u00bb h_padding=\u00bb7&#8243; top_padding=\u00bb5&#8243; bottom_padding=\u00bb5&#8243; back_color=\u00bbcolor-lxmt\u00bb overlay_alpha=\u00bb50&#8243; gutter_size=\u00bb4&#8243; column_width_percent=\u00bb100&#8243; shift_y=\u00bb0&#8243; z_index=\u00bb0&#8243; inverted_device_order=\u00bbyes\u00bb changer_back_color=\u00bbyes\u00bb uncode_shortcode_id=\u00bb105112&#8243; back_color_type=\u00bbuncode-palette\u00bb row_name=\u00bbmedios\u00bb][vc_column column_width_percent=\u00bb100&#8243; position_vertical=\u00bbmiddle\u00bb gutter_size=\u00bb2&#8243; font_family=\u00bbfont-136269&#8243; overlay_alpha=\u00bb50&#8243; shift_x=\u00bb0&#8243; shift_y=\u00bb0&#8243; shift_y_down=\u00bb0&#8243; z_index=\u00bb0&#8243; medium_width=\u00bb0&#8243; mobile_width=\u00bb0&#8243; width=\u00bb1\/2&#8243; uncode_shortcode_id=\u00bb107105&#8243;][vc_custom_heading heading_semantic=\u00bbh3&#8243; text_size=\u00bbh1&#8243; text_weight=\u00bb500&#8243; uncode_shortcode_id=\u00bb109452&#8243;]Gesti\u00f3 de Mitjans[\/vc_custom_heading][vc_column_text text_lead=\u00bbyes\u00bb uncode_shortcode_id=\u00bb178596&#8243;]Com a ag\u00e8ncia de comunicaci\u00f3 disposem d&#8217;una dilatada experi\u00e8ncia en el disseny d&#8217;estrat\u00e8gies de difusi\u00f3, posicionament de marques, esdeveniments, selecci\u00f3 i contractaci\u00f3 dels mitjans m\u00e9s adequats, per enfortir la vostra reputaci\u00f3 corporativa.[\/vc_column_text][vc_empty_space empty_h=\u00bb1&#8243;][\/vc_column][vc_column column_width_percent=\u00bb65&#8243; gutter_size=\u00bb3&#8243; overlay_alpha=\u00bb50&#8243; shift_x=\u00bb0&#8243; shift_y=\u00bb0&#8243; shift_y_down=\u00bb0&#8243; z_index=\u00bb0&#8243; medium_width=\u00bb0&#8243; mobile_width=\u00bb0&#8243; width=\u00bb1\/2&#8243; uncode_shortcode_id=\u00bb639236&#8243;][uncode_index el_id=\u00bbindex-18444413&#8243; index_type=\u00bbcarousel\u00bb loop=\u00bbsize:10|order_by:date|post_type:portfolio|tax_query:129|taxonomy_count:10&#8243; carousel_lg=\u00bb1&#8243; carousel_md=\u00bb1&#8243; carousel_sm=\u00bb1&#8243; gutter_size=\u00bb3&#8243; portfolio_items=\u00bbtitle,media|featured|onpost|original,link|default|default_size|Ver Proyecto\u00bb carousel_interval=\u00bb3000&#8243; carousel_navspeed=\u00bb400&#8243; carousel_loop=\u00bbyes\u00bb carousel_dots=\u00bbyes\u00bb carousel_dots_mobile=\u00bbyes\u00bb carousel_dots_inside=\u00bbyes\u00bb carousel_dot_width=\u00bblimit\u00bb carousel_dot_padding=\u00bb2&#8243; stage_padding=\u00bb0&#8243; single_shape=\u00bbround\u00bb radius=\u00bbstd\u00bb single_overlay_opacity=\u00bb1&#8243; single_overlay_anim=\u00bbno\u00bb single_text_anim=\u00bbno\u00bb single_image_anim=\u00bbno\u00bb single_padding=\u00bb2&#8243; single_border=\u00bbyes\u00bb no_double_tap=\u00bbyes\u00bb uncode_shortcode_id=\u00bb680364&#8243;][\/vc_column][\/vc_row][vc_row unlock_row_content=\u00bbyes\u00bb row_height_percent=\u00bb0&#8243; override_padding=\u00bbyes\u00bb h_padding=\u00bb7&#8243; top_padding=\u00bb5&#8243; bottom_padding=\u00bb5&#8243; overlay_alpha=\u00bb50&#8243; gutter_size=\u00bb4&#8243; column_width_percent=\u00bb100&#8243; shift_y=\u00bb0&#8243; z_index=\u00bb0&#8243; uncode_shortcode_id=\u00bb724452&#8243; row_name=\u00bbeventos\u00bb][vc_column column_width_percent=\u00bb100&#8243; position_vertical=\u00bbmiddle\u00bb gutter_size=\u00bb2&#8243; font_family=\u00bbfont-136269&#8243; overlay_alpha=\u00bb50&#8243; shift_x=\u00bb0&#8243; shift_y=\u00bb0&#8243; shift_y_down=\u00bb0&#8243; z_index=\u00bb0&#8243; medium_width=\u00bb0&#8243; mobile_width=\u00bb0&#8243; width=\u00bb1\/2&#8243; uncode_shortcode_id=\u00bb199904&#8243;][vc_custom_heading heading_semantic=\u00bbh3&#8243; text_size=\u00bbh1&#8243; text_weight=\u00bb500&#8243; uncode_shortcode_id=\u00bb112336&#8243;]Esdeveniments i Projectes[\/vc_custom_heading][vc_column_text text_lead=\u00bbyes\u00bb uncode_shortcode_id=\u00bb214073&#8243;]El nostre equip de professionals s&#8217;ocupa de l&#8217;assessorament i producci\u00f3 de tot tipus d&#8217;esdeveniments per a empreses, ja sigui una activitat de teambuilding, presentaci\u00f3 de productes i serveis, seminaris, tallers de formaci\u00f3, rodes de premsa, actuacions d&#8217;street marketing, etc.<br \/>\nExecutem projectes expositius singulars, escenografia i d&#8217;arquitectura ef\u00edmera.[\/vc_column_text][vc_empty_space empty_h=\u00bb1&#8243;][\/vc_column][vc_column column_width_percent=\u00bb65&#8243; gutter_size=\u00bb3&#8243; overlay_alpha=\u00bb50&#8243; shift_x=\u00bb0&#8243; shift_y=\u00bb0&#8243; shift_y_down=\u00bb0&#8243; z_index=\u00bb0&#8243; medium_width=\u00bb0&#8243; mobile_width=\u00bb0&#8243; width=\u00bb1\/2&#8243; uncode_shortcode_id=\u00bb193914&#8243;][uncode_index el_id=\u00bbindex-18444414&#8243; index_type=\u00bbcarousel\u00bb loop=\u00bbsize:10|order_by:date|post_type:portfolio|tax_query:119|taxonomy_count:10&#8243; carousel_lg=\u00bb1&#8243; carousel_md=\u00bb1&#8243; carousel_sm=\u00bb1&#8243; gutter_size=\u00bb3&#8243; portfolio_items=\u00bbtitle,media|featured|onpost|original,link|default|default_size|Ver Proyecto\u00bb carousel_interval=\u00bb3000&#8243; carousel_navspeed=\u00bb400&#8243; carousel_loop=\u00bbyes\u00bb carousel_dots=\u00bbyes\u00bb carousel_dots_mobile=\u00bbyes\u00bb carousel_dots_inside=\u00bbyes\u00bb carousel_dot_width=\u00bblimit\u00bb carousel_dot_padding=\u00bb2&#8243; stage_padding=\u00bb0&#8243; single_shape=\u00bbround\u00bb radius=\u00bbstd\u00bb single_overlay_opacity=\u00bb1&#8243; single_padding=\u00bb2&#8243; single_border=\u00bbyes\u00bb no_double_tap=\u00bbyes\u00bb uncode_shortcode_id=\u00bb509168&#8243;][\/vc_column][\/vc_row][vc_row row_height_percent=\u00bb0&#8243; override_padding=\u00bbyes\u00bb h_padding=\u00bb2&#8243; top_padding=\u00bb5&#8243; bottom_padding=\u00bb5&#8243; back_color=\u00bbcolor-xsdn\u00bb overlay_alpha=\u00bb45&#8243; gutter_size=\u00bb3&#8243; column_width_percent=\u00bb100&#8243; shift_y=\u00bb0&#8243; z_index=\u00bb0&#8243; top_divider=\u00bbgradient\u00bb bottom_divider=\u00bbgradient\u00bb changer_back_color=\u00bbyes\u00bb uncode_shortcode_id=\u00bb146873&#8243; back_color_type=\u00bbuncode-palette\u00bb][vc_column column_width_percent=\u00bb100&#8243; align_horizontal=\u00bbalign_center\u00bb gutter_size=\u00bb4&#8243; style=\u00bblight\u00bb overlay_alpha=\u00bb50&#8243; shift_x=\u00bb0&#8243; shift_y=\u00bb0&#8243; shift_y_down=\u00bb0&#8243; z_index=\u00bb0&#8243; medium_width=\u00bb0&#8243; mobile_width=\u00bb0&#8243; width=\u00bb1\/1&#8243; uncode_shortcode_id=\u00bb423575&#8243;][vc_custom_heading text_weight=\u00bb500&#8243; uncode_shortcode_id=\u00bb449605&#8243; subheading=\u00bbJunts dissenyarem la millor soluci\u00f3\u00bb]Teniu algun projecte en ment?[\/vc_custom_heading][vc_empty_space empty_h=\u00bb1&#8243;][vc_button size=\u00bbbtn-link\u00bb custom_typo=\u00bbyes\u00bb font_family=\u00bbfont-555555&#8243; font_weight=\u00bb600&#8243; icon_position=\u00bbright\u00bb link=\u00bburl:https%3A%2F%2Fupdateweb.grupoom.es%2Fca%2Fcontacte%2F|title:Contacte|target:_blank|\u00bb uncode_shortcode_id=\u00bb645261&#8243; icon=\u00bbfa fa-long-arrow-right\u00bb]Contacte[\/vc_button][\/vc_column][\/vc_row]<\/p>\n<\/div>","protected":false},"excerpt":{"rendered":"<p>[vc_row unlock_row_content=\u00bbyes\u00bb row_height_percent=\u00bb85&#8243; override_padding=\u00bbyes\u00bb h_padding=\u00bb4&#8243; top_padding=\u00bb5&#8243; bottom_padding=\u00bb5&#8243; back_image=\u00bb105662&#8243; overlay_color=\u00bbcolor-jevc\u00bb overlay_alpha=\u00bb20&#8243; gutter_size=\u00bb3&#8243; column_width_percent=\u00bb100&#8243; shift_y=\u00bb0&#8243; z_index=\u00bb0&#8243; enable_bottom_divider=\u00bbdefault\u00bb bottom_divider=\u00bbray-opacity\u00bb shape_bottom_h_use_pixel=\u00bb\u00bb shape_bottom_height=\u00bb50&#8243; shape_bottom_color=\u00bbcolor-lxmt\u00bb shape_bottom_opacity=\u00bb100&#8243; [&hellip;]<\/p>\n","protected":false},"author":1,"featured_media":0,"parent":0,"menu_order":0,"comment_status":"closed","ping_status":"closed","template":"","meta":{"rs_blank_template":"","rs_page_bg_color":"","slide_template_v7":"","footnotes":""},"class_list":["post-182984","page","type-page","status-publish","hentry"],"yoast_head":"<!-- This site is optimized with the Yoast SEO plugin v28.4 - https:\/\/yoast.com\/product\/yoast-seo-wordpress\/ -->\n<title>Comunicaci\u00f3 - Grupo On Market<\/title>\n<meta name=\"description\" content=\"Xarxes Socials, SEM Publicitat, Gesti\u00f3 de Mitjans, Projectes i Esdeveniments.\" \/>\n<meta name=\"robots\" content=\"index, follow, max-snippet:-1, max-image-preview:large, max-video-preview:-1\" \/>\n<link rel=\"canonical\" href=\"https:\/\/updateweb.grupoom.es\/ca\/comunicacio\/\" \/>\n<meta property=\"og:locale\" content=\"ca_ES\" \/>\n<meta property=\"og:type\" content=\"article\" \/>\n<meta property=\"og:title\" content=\"Comunicaci\u00f3 - Grupo On Market\" \/>\n<meta property=\"og:description\" content=\"Xarxes Socials, SEM Publicitat, Gesti\u00f3 de Mitjans, Projectes i Esdeveniments.\" \/>\n<meta property=\"og:url\" content=\"https:\/\/updateweb.grupoom.es\/ca\/comunicacio\/\" \/>\n<meta property=\"og:site_name\" content=\"Grupo On Market\" \/>\n<meta property=\"article:modified_time\" content=\"2026-03-25T15:28:29+00:00\" \/>\n<meta name=\"twitter:card\" content=\"summary_large_image\" \/>\n<meta name=\"twitter:label1\" content=\"Temps estimat de lectura\" \/>\n\t<meta name=\"twitter:data1\" content=\"3 minuts\" \/>\n<script type=\"application\/ld+json\" class=\"yoast-schema-graph\">{\"@context\":\"https:\\\/\\\/schema.org\",\"@graph\":[{\"@type\":\"WebPage\",\"@id\":\"https:\\\/\\\/updateweb.grupoom.es\\\/ca\\\/comunicacio\\\/\",\"url\":\"https:\\\/\\\/updateweb.grupoom.es\\\/ca\\\/comunicacio\\\/\",\"name\":\"Comunicaci\u00f3 - Grupo On Market\",\"isPartOf\":{\"@id\":\"https:\\\/\\\/updateweb.grupoom.es\\\/ca\\\/#website\"},\"datePublished\":\"2021-12-23T12:29:02+00:00\",\"dateModified\":\"2026-03-25T15:28:29+00:00\",\"description\":\"Xarxes Socials, SEM Publicitat, Gesti\u00f3 de Mitjans, Projectes i Esdeveniments.\",\"breadcrumb\":{\"@id\":\"https:\\\/\\\/updateweb.grupoom.es\\\/ca\\\/comunicacio\\\/#breadcrumb\"},\"inLanguage\":\"ca\",\"potentialAction\":[{\"@type\":\"ReadAction\",\"target\":[\"https:\\\/\\\/updateweb.grupoom.es\\\/ca\\\/comunicacio\\\/\"]}]},{\"@type\":\"BreadcrumbList\",\"@id\":\"https:\\\/\\\/updateweb.grupoom.es\\\/ca\\\/comunicacio\\\/#breadcrumb\",\"itemListElement\":[{\"@type\":\"ListItem\",\"position\":1,\"name\":\"Portada\",\"item\":\"https:\\\/\\\/updateweb.grupoom.es\\\/ca\\\/agencia-de-publicitat-i-marqueting-online-a-castello\\\/\"},{\"@type\":\"ListItem\",\"position\":2,\"name\":\"Comunicaci\u00f3\"}]},{\"@type\":\"WebSite\",\"@id\":\"https:\\\/\\\/updateweb.grupoom.es\\\/ca\\\/#website\",\"url\":\"https:\\\/\\\/updateweb.grupoom.es\\\/ca\\\/\",\"name\":\"Grupo On Market\",\"description\":\"Agencia de Publicidad y Marketing Online en Castell\u00f3n\",\"potentialAction\":[{\"@type\":\"SearchAction\",\"target\":{\"@type\":\"EntryPoint\",\"urlTemplate\":\"https:\\\/\\\/updateweb.grupoom.es\\\/ca\\\/?s={search_term_string}\"},\"query-input\":{\"@type\":\"PropertyValueSpecification\",\"valueRequired\":true,\"valueName\":\"search_term_string\"}}],\"inLanguage\":\"ca\"}]}<\/script>\n<!-- \/ Yoast SEO plugin. -->","yoast_head_json":{"title":"Comunicaci\u00f3 - Grupo On Market","description":"Xarxes Socials, SEM Publicitat, Gesti\u00f3 de Mitjans, Projectes i Esdeveniments.","robots":{"index":"index","follow":"follow","max-snippet":"max-snippet:-1","max-image-preview":"max-image-preview:large","max-video-preview":"max-video-preview:-1"},"canonical":"https:\/\/updateweb.grupoom.es\/ca\/comunicacio\/","og_locale":"ca_ES","og_type":"article","og_title":"Comunicaci\u00f3 - Grupo On Market","og_description":"Xarxes Socials, SEM Publicitat, Gesti\u00f3 de Mitjans, Projectes i Esdeveniments.","og_url":"https:\/\/updateweb.grupoom.es\/ca\/comunicacio\/","og_site_name":"Grupo On Market","article_modified_time":"2026-03-25T15:28:29+00:00","twitter_card":"summary_large_image","twitter_misc":{"Temps estimat de lectura":"3 minuts"},"schema":{"@context":"https:\/\/schema.org","@graph":[{"@type":"WebPage","@id":"https:\/\/updateweb.grupoom.es\/ca\/comunicacio\/","url":"https:\/\/updateweb.grupoom.es\/ca\/comunicacio\/","name":"Comunicaci\u00f3 - Grupo On Market","isPartOf":{"@id":"https:\/\/updateweb.grupoom.es\/ca\/#website"},"datePublished":"2021-12-23T12:29:02+00:00","dateModified":"2026-03-25T15:28:29+00:00","description":"Xarxes Socials, SEM Publicitat, Gesti\u00f3 de Mitjans, Projectes i Esdeveniments.","breadcrumb":{"@id":"https:\/\/updateweb.grupoom.es\/ca\/comunicacio\/#breadcrumb"},"inLanguage":"ca","potentialAction":[{"@type":"ReadAction","target":["https:\/\/updateweb.grupoom.es\/ca\/comunicacio\/"]}]},{"@type":"BreadcrumbList","@id":"https:\/\/updateweb.grupoom.es\/ca\/comunicacio\/#breadcrumb","itemListElement":[{"@type":"ListItem","position":1,"name":"Portada","item":"https:\/\/updateweb.grupoom.es\/ca\/agencia-de-publicitat-i-marqueting-online-a-castello\/"},{"@type":"ListItem","position":2,"name":"Comunicaci\u00f3"}]},{"@type":"WebSite","@id":"https:\/\/updateweb.grupoom.es\/ca\/#website","url":"https:\/\/updateweb.grupoom.es\/ca\/","name":"Grupo On Market","description":"Agencia de Publicidad y Marketing Online en Castell\u00f3n","potentialAction":[{"@type":"SearchAction","target":{"@type":"EntryPoint","urlTemplate":"https:\/\/updateweb.grupoom.es\/ca\/?s={search_term_string}"},"query-input":{"@type":"PropertyValueSpecification","valueRequired":true,"valueName":"search_term_string"}}],"inLanguage":"ca"}]}},"_links":{"self":[{"href":"https:\/\/updateweb.grupoom.es\/ca\/wp-json\/wp\/v2\/pages\/182984","targetHints":{"allow":["GET"]}}],"collection":[{"href":"https:\/\/updateweb.grupoom.es\/ca\/wp-json\/wp\/v2\/pages"}],"about":[{"href":"https:\/\/updateweb.grupoom.es\/ca\/wp-json\/wp\/v2\/types\/page"}],"author":[{"embeddable":true,"href":"https:\/\/updateweb.grupoom.es\/ca\/wp-json\/wp\/v2\/users\/1"}],"replies":[{"embeddable":true,"href":"https:\/\/updateweb.grupoom.es\/ca\/wp-json\/wp\/v2\/comments?post=182984"}],"version-history":[{"count":7,"href":"https:\/\/updateweb.grupoom.es\/ca\/wp-json\/wp\/v2\/pages\/182984\/revisions"}],"predecessor-version":[{"id":183671,"href":"https:\/\/updateweb.grupoom.es\/ca\/wp-json\/wp\/v2\/pages\/182984\/revisions\/183671"}],"wp:attachment":[{"href":"https:\/\/updateweb.grupoom.es\/ca\/wp-json\/wp\/v2\/media?parent=182984"}],"curies":[{"name":"wp","href":"https:\/\/api.w.org\/{rel}","templated":true}]}}