{"id":182969,"date":"2021-12-15T16:28:14","date_gmt":"2021-12-15T15:28:14","guid":{"rendered":"https:\/\/updateweb.grupoom.es\/disseny\/"},"modified":"2026-03-25T16:30:28","modified_gmt":"2026-03-25T15:30:28","slug":"disseny","status":"publish","type":"page","link":"https:\/\/updateweb.grupoom.es\/ca\/disseny\/","title":{"rendered":"Disseny"},"content":{"rendered":"<div class=\"wpb-content-wrapper\"><p>[vc_row unlock_row_content=\u00bbyes\u00bb row_height_percent=\u00bb85&#8243; override_padding=\u00bbyes\u00bb h_padding=\u00bb4&#8243; top_padding=\u00bb5&#8243; bottom_padding=\u00bb5&#8243; back_image=\u00bb105702&#8243; overlay_color=\u00bbcolor-jevc\u00bb overlay_alpha=\u00bb8&#8243; gutter_size=\u00bb3&#8243; column_width_percent=\u00bb100&#8243; shift_y=\u00bb0&#8243; z_index=\u00bb0&#8243; enable_bottom_divider=\u00bbdefault\u00bb bottom_divider=\u00bbray-opacity\u00bb shape_bottom_h_use_pixel=\u00bb\u00bb shape_bottom_height=\u00bb50&#8243; shape_bottom_color=\u00bbcolor-lxmt\u00bb shape_bottom_opacity=\u00bb100&#8243; shape_bottom_index=\u00bb0&#8243; uncode_shortcode_id=\u00bb183846&#8243; shape_bottom_color_type=\u00bbuncode-palette\u00bb overlay_color_type=\u00bbuncode-palette\u00bb][vc_column column_width_percent=\u00bb100&#8243; position_vertical=\u00bbmiddle\u00bb align_horizontal=\u00bbalign_center\u00bb gutter_size=\u00bb3&#8243; style=\u00bblight\u00bb overlay_alpha=\u00bb50&#8243; shift_x=\u00bb0&#8243; shift_y=\u00bb0&#8243; shift_y_down=\u00bb0&#8243; z_index=\u00bb0&#8243; medium_width=\u00bb0&#8243; mobile_width=\u00bb0&#8243; width=\u00bb1\/1&#8243; uncode_shortcode_id=\u00bb395921&#8243;][vc_empty_space empty_h=\u00bb4&#8243;][uncode_index el_id=\u00bbindex-209731&#8243; index_type=\u00bbtitles\u00bb loop=\u00bbsize:10|order_by:date|post_type:post|categories:375|taxonomy_count:10&#8243; titles_display=\u00bbinline\u00bb gutter_size=\u00bb3&#8243; drop_image_separator=\u00bbslash\u00bb drop_image_position=\u00bbhide\u00bb drop_image_time=\u00bb250&#8243; drop_image_hover=\u00bbaccent\u00bb drop_image_extra=\u00bbyes\u00bb drop_image_extra_weight=\u00bbnormal\u00bb single_style=\u00bbdark\u00bb single_title_semantic=\u00bbh1&#8243; single_title_dimension=\u00bbfontsize-767262&#8243; single_title_weight=\u00bb400&#8243; custom_order=\u00bbyes\u00bb no_double_tap=\u00bbyes\u00bb titles_display_mobile=\u00bbyes\u00bb titles_gap_reduced_mobile=\u00bbyes\u00bb titles_hide_separator_mobile=\u00bbyes\u00bb uncode_shortcode_id=\u00bb206042&#8243; order_ids=\u00bb183519,183518,183517,183516&#8243; items=\u00bbeyIxMDMzOTdfaSI6eyJzaW5nbGVfbGluayI6InVybDolMjN3ZWIifSwiMTAzMzk5X2kiOnsic2luZ2xlX2xpbmsiOiJ1cmw6JTIzd2ViYXBwIn0sIjEwMzQwMV9pIjp7InNpbmdsZV9saW5rIjoidXJsOiUyM3Nob3BvbmxpbmUifSwiMTAzNDk1X2kiOnsic2luZ2xlX2xpbmsiOiJ1cmw6JTIzaW1hZ2VuLWNvcnBvcmF0aXZhfHRpdGxlOkRpc2VuaW8ifSwiMTAzNDk3X2kiOnsic2luZ2xlX2xpbmsiOiJ1cmw6JTIzZ3JhZmljb3x0aXRsZTpEaXNlbmlvIn0sIjEwMzQ5OV9pIjp7InNpbmdsZV9saW5rIjoidXJsOiUyM2F1ZGlvdmlzdWFsfHRpdGxlOkRpc2VuaW8ifSwiMTAzNTAxX2kiOnsic2luZ2xlX2xpbmsiOiJ1cmw6JTIzcGFja2FnaW5nfHRpdGxlOkRpc2VuaW8ifSwiMTgzNTE5X2kiOnsic2luZ2xlX2xpbmsiOiJ1cmw6JTJGY2ElMkZkaXNzZW55JTJGJTIzSW1hZ2VuLWNvcnBvcmF0aXZhIn0sIjE4MzUxOF9pIjp7InNpbmdsZV9saW5rIjoidXJsOiUyRmNhJTJGZGlzc2VueSUyRiUyM2dyYWZpYyJ9LCIxODM1MTdfaSI6eyJzaW5nbGVfbGluayI6InVybDolMkZjYSUyRmRpc3NlbnklMkYlMjNhdWRpb3Zpc3VhbCJ9LCIxODM1MTZfaSI6eyJzaW5nbGVfbGluayI6InVybDolMkZjYSUyRmRpc3NlbnklMkYlMjNwYWNrYWdpbmcifX0=\u00bb][vc_empty_space empty_h=\u00bb4&#8243;][\/vc_column][\/vc_row][vc_row unlock_row_content=\u00bbyes\u00bb row_height_percent=\u00bb0&#8243; override_padding=\u00bbyes\u00bb h_padding=\u00bb7&#8243; top_padding=\u00bb4&#8243; bottom_padding=\u00bb4&#8243; back_color=\u00bbcolor-lxmt\u00bb overlay_alpha=\u00bb50&#8243; gutter_size=\u00bb4&#8243; column_width_percent=\u00bb100&#8243; shift_y=\u00bb0&#8243; z_index=\u00bb0&#8243; inverted_device_order=\u00bbyes\u00bb changer_back_color=\u00bbyes\u00bb content_parallax=\u00bb0&#8243; uncode_shortcode_id=\u00bb204879&#8243; back_color_type=\u00bbuncode-palette\u00bb row_name=\u00bbImagen-corporativa\u00bb][vc_column column_width_percent=\u00bb100&#8243; position_vertical=\u00bbmiddle\u00bb gutter_size=\u00bb2&#8243; overlay_alpha=\u00bb50&#8243; shift_x=\u00bb0&#8243; shift_y=\u00bb0&#8243; shift_y_down=\u00bb0&#8243; z_index=\u00bb10&#8243; medium_width=\u00bb0&#8243; mobile_width=\u00bb0&#8243; width=\u00bb1\/2&#8243; uncode_shortcode_id=\u00bb531274&#8243;][vc_custom_heading heading_semantic=\u00bbh3&#8243; text_size=\u00bbh1&#8243; text_weight=\u00bb500&#8243; uncode_shortcode_id=\u00bb678835&#8243;]Branding \/ Imatge corporativa[\/vc_custom_heading][vc_column_text text_lead=\u00bbyes\u00bb uncode_shortcode_id=\u00bb198139&#8243;]Ajudem a crear marques originals, imaginatives i creatives que representin el projecte del client. Col\u00b7laborem activament per definir la visi\u00f3 del projecte, amb un criteri universal i global, orientat a llarg termini i a aconseguir resultats tangibles.<br \/>\nApliquem el m\u00e8tode Grupoom, basat en la innovaci\u00f3 i creativitat imaginativa en cada fase del proc\u00e9s de disseny de marca.[\/vc_column_text][vc_empty_space empty_h=\u00bb1&#8243;][\/vc_column][vc_column column_width_percent=\u00bb65&#8243; position_vertical=\u00bbmiddle\u00bb gutter_size=\u00bb3&#8243; overlay_alpha=\u00bb50&#8243; shift_x=\u00bb0&#8243; shift_y=\u00bb0&#8243; shift_y_down=\u00bb0&#8243; z_index=\u00bb0&#8243; medium_width=\u00bb0&#8243; mobile_width=\u00bb0&#8243; width=\u00bb1\/2&#8243; uncode_shortcode_id=\u00bb291285&#8243;][uncode_index el_id=\u00bbindex-3343&#8243; index_type=\u00bbcarousel\u00bb loop=\u00bbsize:10|order_by:date|post_type:portfolio|tax_query:130|taxonomy_count:10&#8243; carousel_lg=\u00bb1&#8243; carousel_md=\u00bb1&#8243; carousel_sm=\u00bb1&#8243; gutter_size=\u00bb3&#8243; portfolio_items=\u00bbtitle,media|featured|onpost|original,link|default|default_size|Ver Proyecto\u00bb carousel_interval=\u00bb3000&#8243; carousel_navspeed=\u00bb400&#8243; carousel_loop=\u00bbyes\u00bb carousel_dots=\u00bbyes\u00bb carousel_dots_mobile=\u00bbyes\u00bb carousel_dots_inside=\u00bbyes\u00bb carousel_dot_width=\u00bblimit\u00bb carousel_dot_padding=\u00bb2&#8243; stage_padding=\u00bb0&#8243; single_shape=\u00bbround\u00bb radius=\u00bbstd\u00bb single_overlay_opacity=\u00bb1&#8243; single_padding=\u00bb2&#8243; single_border=\u00bbyes\u00bb no_double_tap=\u00bbyes\u00bb uncode_shortcode_id=\u00bb121925&#8243;][\/vc_column][\/vc_row][vc_row unlock_row_content=\u00bbyes\u00bb row_height_percent=\u00bb0&#8243; override_padding=\u00bbyes\u00bb h_padding=\u00bb7&#8243; top_padding=\u00bb5&#8243; bottom_padding=\u00bb5&#8243; back_color=\u00bbcolor-xsdn\u00bb overlay_alpha=\u00bb50&#8243; gutter_size=\u00bb4&#8243; column_width_percent=\u00bb100&#8243; shift_y=\u00bb0&#8243; z_index=\u00bb0&#8243; changer_back_color=\u00bbyes\u00bb content_parallax=\u00bb0&#8243; uncode_shortcode_id=\u00bb179585&#8243; back_color_type=\u00bbuncode-palette\u00bb row_name=\u00bbgrafic\u00bb][vc_column column_width_percent=\u00bb100&#8243; position_vertical=\u00bbmiddle\u00bb gutter_size=\u00bb2&#8243; font_family=\u00bbfont-136269&#8243; overlay_alpha=\u00bb50&#8243; shift_x=\u00bb0&#8243; shift_y=\u00bb0&#8243; shift_y_down=\u00bb0&#8243; z_index=\u00bb0&#8243; medium_width=\u00bb0&#8243; mobile_width=\u00bb0&#8243; width=\u00bb1\/2&#8243; uncode_shortcode_id=\u00bb199904&#8243;][vc_custom_heading heading_semantic=\u00bbh3&#8243; text_size=\u00bbh1&#8243; text_weight=\u00bb500&#8243; uncode_shortcode_id=\u00bb192588&#8243;]Disseny gr\u00e0fic \/ Editorial[\/vc_custom_heading][vc_column_text text_lead=\u00bbyes\u00bb uncode_shortcode_id=\u00bb807252&#8243;]El nostre proc\u00e9s \u00e9s comunicar gr\u00e0ficament idees, fets i valors processats en termes de forma per traslladar a la societat els valors socials, culturals, econ\u00f2mics, est\u00e8tics i tecnol\u00f2gics de cada projecte.<br \/>\nConstru\u00efm la imatge del vostre negoci amb instruments de disseny gr\u00e0fic visual, aportant valor a la vostra empresa per poder promocionar la vostra marca, productes i serveis.<br \/>\nDissenyem, compondrem, maquetarem qualsevol tipus de publicaci\u00f3 en qualsevol format f\u00edsic i digital.<br \/>\nL&#8217;objectiu de tot disseny \u00e9s comunicar i aix\u00f2 \u00e9s el que fem a Grupoom.<br \/>\n[\/vc_column_text][vc_empty_space empty_h=\u00bb1&#8243;][\/vc_column][vc_column column_width_percent=\u00bb65&#8243; position_vertical=\u00bbmiddle\u00bb gutter_size=\u00bb3&#8243; overlay_alpha=\u00bb50&#8243; shift_x=\u00bb0&#8243; shift_y=\u00bb0&#8243; shift_y_down=\u00bb0&#8243; z_index=\u00bb0&#8243; medium_width=\u00bb0&#8243; mobile_width=\u00bb0&#8243; width=\u00bb1\/2&#8243; uncode_shortcode_id=\u00bb201544&#8243;][uncode_index el_id=\u00bbindex-3349&#8243; index_type=\u00bbcarousel\u00bb loop=\u00bbsize:10|order_by:date|post_type:portfolio|tax_query:131|taxonomy_count:10&#8243; carousel_lg=\u00bb1&#8243; carousel_md=\u00bb1&#8243; carousel_sm=\u00bb1&#8243; gutter_size=\u00bb3&#8243; portfolio_items=\u00bbtitle,media|featured|onpost|original,link|default|default_size|Ver Proyecto\u00bb carousel_interval=\u00bb3000&#8243; carousel_navspeed=\u00bb400&#8243; carousel_loop=\u00bbyes\u00bb carousel_dots=\u00bbyes\u00bb carousel_dots_mobile=\u00bbyes\u00bb carousel_dots_inside=\u00bbyes\u00bb carousel_dot_width=\u00bblimit\u00bb carousel_dot_padding=\u00bb2&#8243; stage_padding=\u00bb0&#8243; single_shape=\u00bbround\u00bb radius=\u00bbstd\u00bb single_overlay_opacity=\u00bb1&#8243; single_padding=\u00bb2&#8243; single_border=\u00bbyes\u00bb no_double_tap=\u00bbyes\u00bb uncode_shortcode_id=\u00bb623291&#8243;][\/vc_column][\/vc_row][vc_row unlock_row_content=\u00bbyes\u00bb row_height_percent=\u00bb0&#8243; override_padding=\u00bbyes\u00bb h_padding=\u00bb7&#8243; top_padding=\u00bb5&#8243; bottom_padding=\u00bb5&#8243; back_color=\u00bbcolor-lxmt\u00bb overlay_alpha=\u00bb50&#8243; gutter_size=\u00bb4&#8243; column_width_percent=\u00bb100&#8243; shift_y=\u00bb0&#8243; z_index=\u00bb0&#8243; inverted_device_order=\u00bbyes\u00bb changer_back_color=\u00bbyes\u00bb content_parallax=\u00bb0&#8243; uncode_shortcode_id=\u00bb676232&#8243; back_color_type=\u00bbuncode-palette\u00bb row_name=\u00bbaudiovisual\u00bb][vc_column column_width_percent=\u00bb100&#8243; position_vertical=\u00bbmiddle\u00bb gutter_size=\u00bb2&#8243; font_family=\u00bbfont-136269&#8243; overlay_alpha=\u00bb50&#8243; shift_x=\u00bb0&#8243; shift_y=\u00bb0&#8243; shift_y_down=\u00bb0&#8243; z_index=\u00bb0&#8243; medium_width=\u00bb0&#8243; mobile_width=\u00bb0&#8243; width=\u00bb1\/2&#8243; uncode_shortcode_id=\u00bb107105&#8243;][vc_custom_heading heading_semantic=\u00bbh3&#8243; text_size=\u00bbh1&#8243; text_weight=\u00bb500&#8243; uncode_shortcode_id=\u00bb766510&#8243;]Material Audiovisual[\/vc_custom_heading][vc_column_text text_lead=\u00bbyes\u00bb uncode_shortcode_id=\u00bb282768&#8243;]El nostre equip disposa de la creativitat necess\u00e0ria per generar continguts de valor afegit per al vostre projecte, companyia o marca. Per a la seva utilitzaci\u00f3 tant en xarxes socials, web, televisi\u00f3, com qualsevol mitj\u00e0.<br \/>\nSabem combinar elements gr\u00e0fics per desenvolupar la imatge de marca utilitzant v\u00eddeo i animacions gr\u00e0fiques i il\u00b7lustracions per a qualsevol tipus d&#8217;\u00fas com presentacions de producte a trav\u00e9s d&#8217;aplicacions i\/o p\u00e0gines web, xarxes socials, revistes digitals o qualsevol plataforma que ajudi a millorar la imatge de la vostra marca.[\/vc_column_text][vc_empty_space empty_h=\u00bb1&#8243;][\/vc_column][vc_column column_width_percent=\u00bb65&#8243; gutter_size=\u00bb3&#8243; overlay_alpha=\u00bb50&#8243; shift_x=\u00bb0&#8243; shift_y=\u00bb0&#8243; shift_y_down=\u00bb0&#8243; z_index=\u00bb0&#8243; medium_width=\u00bb0&#8243; mobile_width=\u00bb0&#8243; width=\u00bb1\/2&#8243; uncode_shortcode_id=\u00bb394091&#8243;][uncode_index el_id=\u00bbindex-3350&#8243; index_type=\u00bbcarousel\u00bb loop=\u00bbsize:10|order_by:date|post_type:portfolio|tax_query:132|taxonomy_count:10&#8243; carousel_lg=\u00bb1&#8243; carousel_md=\u00bb1&#8243; carousel_sm=\u00bb1&#8243; thumb_size=\u00bbone-one\u00bb gutter_size=\u00bb3&#8243; portfolio_items=\u00bbtitle,media|featured|onpost|original,link|default|default_size|Ver Proyecto\u00bb carousel_interval=\u00bb3000&#8243; carousel_navspeed=\u00bb400&#8243; carousel_loop=\u00bbyes\u00bb carousel_dots=\u00bbyes\u00bb carousel_dots_mobile=\u00bbyes\u00bb carousel_dots_inside=\u00bbyes\u00bb carousel_dot_width=\u00bblimit\u00bb carousel_dot_padding=\u00bb2&#8243; stage_padding=\u00bb0&#8243; single_shape=\u00bbround\u00bb radius=\u00bbstd\u00bb single_overlay_opacity=\u00bb1&#8243; single_padding=\u00bb2&#8243; single_border=\u00bbyes\u00bb no_double_tap=\u00bbyes\u00bb uncode_shortcode_id=\u00bb133514&#8243;][\/vc_column][\/vc_row][vc_row unlock_row_content=\u00bbyes\u00bb row_height_percent=\u00bb0&#8243; override_padding=\u00bbyes\u00bb h_padding=\u00bb7&#8243; top_padding=\u00bb5&#8243; bottom_padding=\u00bb5&#8243; overlay_alpha=\u00bb50&#8243; gutter_size=\u00bb4&#8243; column_width_percent=\u00bb100&#8243; shift_y=\u00bb0&#8243; z_index=\u00bb0&#8243; content_parallax=\u00bb0&#8243; uncode_shortcode_id=\u00bb150880&#8243; row_name=\u00bbpackaging\u00bb][vc_column column_width_percent=\u00bb100&#8243; position_vertical=\u00bbmiddle\u00bb gutter_size=\u00bb2&#8243; font_family=\u00bbfont-136269&#8243; overlay_alpha=\u00bb50&#8243; shift_x=\u00bb0&#8243; shift_y=\u00bb0&#8243; shift_y_down=\u00bb0&#8243; z_index=\u00bb0&#8243; medium_width=\u00bb0&#8243; mobile_width=\u00bb0&#8243; width=\u00bb1\/2&#8243; uncode_shortcode_id=\u00bb199904&#8243;][vc_custom_heading heading_semantic=\u00bbh3&#8243; text_size=\u00bbh1&#8243; text_weight=\u00bb500&#8243; uncode_shortcode_id=\u00bb187513&#8243;]Disseny de packaging[\/vc_custom_heading][vc_column_text text_lead=\u00bbyes\u00bb uncode_shortcode_id=\u00bb726771&#8243;]Amb el disseny de packaging podem mostrar la personalitat, filosofia i valors d&#8217;un producte. \u00c9s un actiu estrat\u00e8gic per al valor que el producte trasllada a la societat.<br \/>\nEl nostre treball creatiu \u00e9s destacar sobre la compet\u00e8ncia, aportant un valor diferencial amb elements tangibles i intangibles que no deixin indiferent el consumidor davant del producte.[\/vc_column_text][vc_empty_space empty_h=\u00bb1&#8243;][\/vc_column][vc_column column_width_percent=\u00bb65&#8243; gutter_size=\u00bb3&#8243; overlay_alpha=\u00bb50&#8243; shift_x=\u00bb0&#8243; shift_y=\u00bb0&#8243; shift_y_down=\u00bb0&#8243; z_index=\u00bb0&#8243; medium_width=\u00bb0&#8243; mobile_width=\u00bb0&#8243; width=\u00bb1\/2&#8243; uncode_shortcode_id=\u00bb441674&#8243;][uncode_index el_id=\u00bbindex-3351&#8243; index_type=\u00bbcarousel\u00bb loop=\u00bbsize:10|order_by:date|post_type:portfolio|tax_query:111|taxonomy_count:10&#8243; carousel_lg=\u00bb1&#8243; carousel_md=\u00bb1&#8243; carousel_sm=\u00bb1&#8243; gutter_size=\u00bb3&#8243; portfolio_items=\u00bbtitle,media|featured|onpost|original,link|default|default_size|Ver Proyecto\u00bb carousel_interval=\u00bb3000&#8243; carousel_navspeed=\u00bb400&#8243; carousel_loop=\u00bbyes\u00bb carousel_dots=\u00bbyes\u00bb carousel_dots_mobile=\u00bbyes\u00bb carousel_dots_inside=\u00bbyes\u00bb carousel_dot_width=\u00bblimit\u00bb carousel_dot_padding=\u00bb2&#8243; stage_padding=\u00bb0&#8243; single_shape=\u00bbround\u00bb radius=\u00bbstd\u00bb single_overlay_opacity=\u00bb1&#8243; single_padding=\u00bb2&#8243; single_border=\u00bbyes\u00bb no_double_tap=\u00bbyes\u00bb uncode_shortcode_id=\u00bb279623&#8243;][\/vc_column][\/vc_row][vc_row row_height_percent=\u00bb0&#8243; override_padding=\u00bbyes\u00bb h_padding=\u00bb2&#8243; top_padding=\u00bb5&#8243; bottom_padding=\u00bb5&#8243; back_color=\u00bbcolor-xsdn\u00bb overlay_alpha=\u00bb45&#8243; gutter_size=\u00bb3&#8243; column_width_percent=\u00bb100&#8243; shift_y=\u00bb0&#8243; z_index=\u00bb0&#8243; top_divider=\u00bbgradient\u00bb bottom_divider=\u00bbgradient\u00bb changer_back_color=\u00bbyes\u00bb uncode_shortcode_id=\u00bb146873&#8243; back_color_type=\u00bbuncode-palette\u00bb][vc_column column_width_percent=\u00bb100&#8243; align_horizontal=\u00bbalign_center\u00bb gutter_size=\u00bb4&#8243; style=\u00bblight\u00bb overlay_alpha=\u00bb50&#8243; shift_x=\u00bb0&#8243; shift_y=\u00bb0&#8243; shift_y_down=\u00bb0&#8243; z_index=\u00bb0&#8243; medium_width=\u00bb0&#8243; mobile_width=\u00bb0&#8243; width=\u00bb1\/1&#8243; uncode_shortcode_id=\u00bb423575&#8243;][vc_custom_heading text_weight=\u00bb500&#8243; uncode_shortcode_id=\u00bb449605&#8243; subheading=\u00bbJunts dissenyarem la millor soluci\u00f3\u00bb]Teniu algun projecte en ment?[\/vc_custom_heading][vc_empty_space empty_h=\u00bb1&#8243;][vc_button outline=\u00bbyes\u00bb text_skin=\u00bbyes\u00bb custom_typo=\u00bbyes\u00bb font_family=\u00bbfont-555555&#8243; font_weight=\u00bb500&#8243; border_width=\u00bb0&#8243; link=\u00bburl:https%3A%2F%2Fupdateweb.grupoom.es%2Fca%2Fcontacte%2F|title:Contacte|target:_blank|\u00bb uncode_shortcode_id=\u00bb114687&#8243;]Contacte[\/vc_button][\/vc_column][\/vc_row]<\/p>\n<\/div>","protected":false},"excerpt":{"rendered":"<p>[vc_row unlock_row_content=\u00bbyes\u00bb row_height_percent=\u00bb85&#8243; override_padding=\u00bbyes\u00bb h_padding=\u00bb4&#8243; top_padding=\u00bb5&#8243; bottom_padding=\u00bb5&#8243; back_image=\u00bb105702&#8243; overlay_color=\u00bbcolor-jevc\u00bb overlay_alpha=\u00bb8&#8243; gutter_size=\u00bb3&#8243; column_width_percent=\u00bb100&#8243; shift_y=\u00bb0&#8243; z_index=\u00bb0&#8243; enable_bottom_divider=\u00bbdefault\u00bb bottom_divider=\u00bbray-opacity\u00bb shape_bottom_h_use_pixel=\u00bb\u00bb shape_bottom_height=\u00bb50&#8243; shape_bottom_color=\u00bbcolor-lxmt\u00bb shape_bottom_opacity=\u00bb100&#8243; [&hellip;]<\/p>\n","protected":false},"author":1,"featured_media":0,"parent":0,"menu_order":0,"comment_status":"closed","ping_status":"closed","template":"","meta":{"rs_blank_template":"","rs_page_bg_color":"","slide_template_v7":"","footnotes":""},"class_list":["post-182969","page","type-page","status-publish","hentry"],"yoast_head":"<!-- This site is optimized with the Yoast SEO plugin v28.4 - https:\/\/yoast.com\/product\/yoast-seo-wordpress\/ -->\n<title>Disseny - Grupo On Market<\/title>\n<meta name=\"description\" content=\"Branding \/ Imatge corporativa, Gr\u00e0fic \/ Editorial, Audiovisual, Packaging\" \/>\n<meta name=\"robots\" content=\"index, follow, max-snippet:-1, max-image-preview:large, max-video-preview:-1\" \/>\n<link rel=\"canonical\" href=\"https:\/\/updateweb.grupoom.es\/ca\/disseny\/\" \/>\n<meta property=\"og:locale\" content=\"ca_ES\" \/>\n<meta property=\"og:type\" content=\"article\" \/>\n<meta property=\"og:title\" content=\"Disseny - Grupo On Market\" \/>\n<meta property=\"og:description\" content=\"Branding \/ Imatge corporativa, Gr\u00e0fic \/ Editorial, Audiovisual, Packaging\" \/>\n<meta property=\"og:url\" content=\"https:\/\/updateweb.grupoom.es\/ca\/disseny\/\" \/>\n<meta property=\"og:site_name\" content=\"Grupo On Market\" \/>\n<meta property=\"article:modified_time\" content=\"2026-03-25T15:30:28+00:00\" \/>\n<meta name=\"twitter:card\" content=\"summary_large_image\" \/>\n<meta name=\"twitter:label1\" content=\"Temps estimat de lectura\" \/>\n\t<meta name=\"twitter:data1\" content=\"4 minuts\" \/>\n<script type=\"application\/ld+json\" class=\"yoast-schema-graph\">{\"@context\":\"https:\\\/\\\/schema.org\",\"@graph\":[{\"@type\":\"WebPage\",\"@id\":\"https:\\\/\\\/updateweb.grupoom.es\\\/ca\\\/disseny\\\/\",\"url\":\"https:\\\/\\\/updateweb.grupoom.es\\\/ca\\\/disseny\\\/\",\"name\":\"Disseny - Grupo On Market\",\"isPartOf\":{\"@id\":\"https:\\\/\\\/updateweb.grupoom.es\\\/ca\\\/#website\"},\"datePublished\":\"2021-12-15T15:28:14+00:00\",\"dateModified\":\"2026-03-25T15:30:28+00:00\",\"description\":\"Branding \\\/ Imatge corporativa, Gr\u00e0fic \\\/ Editorial, Audiovisual, Packaging\",\"breadcrumb\":{\"@id\":\"https:\\\/\\\/updateweb.grupoom.es\\\/ca\\\/disseny\\\/#breadcrumb\"},\"inLanguage\":\"ca\",\"potentialAction\":[{\"@type\":\"ReadAction\",\"target\":[\"https:\\\/\\\/updateweb.grupoom.es\\\/ca\\\/disseny\\\/\"]}]},{\"@type\":\"BreadcrumbList\",\"@id\":\"https:\\\/\\\/updateweb.grupoom.es\\\/ca\\\/disseny\\\/#breadcrumb\",\"itemListElement\":[{\"@type\":\"ListItem\",\"position\":1,\"name\":\"Portada\",\"item\":\"https:\\\/\\\/updateweb.grupoom.es\\\/ca\\\/agencia-de-publicitat-i-marqueting-online-a-castello\\\/\"},{\"@type\":\"ListItem\",\"position\":2,\"name\":\"Disseny\"}]},{\"@type\":\"WebSite\",\"@id\":\"https:\\\/\\\/updateweb.grupoom.es\\\/ca\\\/#website\",\"url\":\"https:\\\/\\\/updateweb.grupoom.es\\\/ca\\\/\",\"name\":\"Grupo On Market\",\"description\":\"Agencia de Publicidad y Marketing Online en Castell\u00f3n\",\"potentialAction\":[{\"@type\":\"SearchAction\",\"target\":{\"@type\":\"EntryPoint\",\"urlTemplate\":\"https:\\\/\\\/updateweb.grupoom.es\\\/ca\\\/?s={search_term_string}\"},\"query-input\":{\"@type\":\"PropertyValueSpecification\",\"valueRequired\":true,\"valueName\":\"search_term_string\"}}],\"inLanguage\":\"ca\"}]}<\/script>\n<!-- \/ Yoast SEO plugin. -->","yoast_head_json":{"title":"Disseny - Grupo On Market","description":"Branding \/ Imatge corporativa, Gr\u00e0fic \/ Editorial, Audiovisual, Packaging","robots":{"index":"index","follow":"follow","max-snippet":"max-snippet:-1","max-image-preview":"max-image-preview:large","max-video-preview":"max-video-preview:-1"},"canonical":"https:\/\/updateweb.grupoom.es\/ca\/disseny\/","og_locale":"ca_ES","og_type":"article","og_title":"Disseny - Grupo On Market","og_description":"Branding \/ Imatge corporativa, Gr\u00e0fic \/ Editorial, Audiovisual, Packaging","og_url":"https:\/\/updateweb.grupoom.es\/ca\/disseny\/","og_site_name":"Grupo On Market","article_modified_time":"2026-03-25T15:30:28+00:00","twitter_card":"summary_large_image","twitter_misc":{"Temps estimat de lectura":"4 minuts"},"schema":{"@context":"https:\/\/schema.org","@graph":[{"@type":"WebPage","@id":"https:\/\/updateweb.grupoom.es\/ca\/disseny\/","url":"https:\/\/updateweb.grupoom.es\/ca\/disseny\/","name":"Disseny - Grupo On Market","isPartOf":{"@id":"https:\/\/updateweb.grupoom.es\/ca\/#website"},"datePublished":"2021-12-15T15:28:14+00:00","dateModified":"2026-03-25T15:30:28+00:00","description":"Branding \/ Imatge corporativa, Gr\u00e0fic \/ Editorial, Audiovisual, Packaging","breadcrumb":{"@id":"https:\/\/updateweb.grupoom.es\/ca\/disseny\/#breadcrumb"},"inLanguage":"ca","potentialAction":[{"@type":"ReadAction","target":["https:\/\/updateweb.grupoom.es\/ca\/disseny\/"]}]},{"@type":"BreadcrumbList","@id":"https:\/\/updateweb.grupoom.es\/ca\/disseny\/#breadcrumb","itemListElement":[{"@type":"ListItem","position":1,"name":"Portada","item":"https:\/\/updateweb.grupoom.es\/ca\/agencia-de-publicitat-i-marqueting-online-a-castello\/"},{"@type":"ListItem","position":2,"name":"Disseny"}]},{"@type":"WebSite","@id":"https:\/\/updateweb.grupoom.es\/ca\/#website","url":"https:\/\/updateweb.grupoom.es\/ca\/","name":"Grupo On Market","description":"Agencia de Publicidad y Marketing Online en Castell\u00f3n","potentialAction":[{"@type":"SearchAction","target":{"@type":"EntryPoint","urlTemplate":"https:\/\/updateweb.grupoom.es\/ca\/?s={search_term_string}"},"query-input":{"@type":"PropertyValueSpecification","valueRequired":true,"valueName":"search_term_string"}}],"inLanguage":"ca"}]}},"_links":{"self":[{"href":"https:\/\/updateweb.grupoom.es\/ca\/wp-json\/wp\/v2\/pages\/182969","targetHints":{"allow":["GET"]}}],"collection":[{"href":"https:\/\/updateweb.grupoom.es\/ca\/wp-json\/wp\/v2\/pages"}],"about":[{"href":"https:\/\/updateweb.grupoom.es\/ca\/wp-json\/wp\/v2\/types\/page"}],"author":[{"embeddable":true,"href":"https:\/\/updateweb.grupoom.es\/ca\/wp-json\/wp\/v2\/users\/1"}],"replies":[{"embeddable":true,"href":"https:\/\/updateweb.grupoom.es\/ca\/wp-json\/wp\/v2\/comments?post=182969"}],"version-history":[{"count":32,"href":"https:\/\/updateweb.grupoom.es\/ca\/wp-json\/wp\/v2\/pages\/182969\/revisions"}],"predecessor-version":[{"id":183672,"href":"https:\/\/updateweb.grupoom.es\/ca\/wp-json\/wp\/v2\/pages\/182969\/revisions\/183672"}],"wp:attachment":[{"href":"https:\/\/updateweb.grupoom.es\/ca\/wp-json\/wp\/v2\/media?parent=182969"}],"curies":[{"name":"wp","href":"https:\/\/api.w.org\/{rel}","templated":true}]}}